{"id":735,"date":"2022-10-03T13:11:48","date_gmt":"2022-10-03T11:11:48","guid":{"rendered":"https:\/\/simonfluri.com\/?post_type=tribe_events&#038;p=735"},"modified":"2023-02-05T17:51:17","modified_gmt":"2023-02-05T15:51:17","slug":"spektrumskonzert-zurich-saxophone-collective","status":"publish","type":"tribe_events","link":"https:\/\/simonfluri.com\/en\/agenda\/spektrumskonzert-zurich-saxophone-collective\/","title":{"rendered":"Spektrumskonzert: zurich saxophone collective"},"content":{"rendered":"<div  class=\"tribe-events-schedule tribe-clearfix\" >\n\t<p class=\"tribe-events-schedule__datetime\">\n\t\t<span class=\"tribe-events-schedule__date tribe-events-schedule__date--start\">\n\t\t\t1. May 2023\t\t<\/span>\n\n\t\t\t\t\t<span class=\"tribe-events-schedule__separator tribe-events-schedule__separator--date\">\n\t\t\t\t@\t\t\t<\/span>\n\t\t\t<span class=\"tribe-events-schedule__time tribe-events-schedule__time--start\">\n\t\t\t\t19:30\t\t\t<\/span>\n\t\t\n\t\t\t\t\t\t\t\t\t<span class=\"tribe-events-schedule__separator tribe-events-schedule__separator--time\">\n\t\t\t\t\t&#8211;\t\t\t\t<\/span>\n\t\t\t\n\t\t\t\t\t\t\t<span class=\"tribe-events-schedule__time tribe-events-schedule__time--end\">\n\t\t\t\t\t21:00\t\t\t\t<\/span>\n\t\t\t\n\t\t\t\t\t\t<\/p>\n<\/div>\n\n\n\n<p><strong>Richard Strauss\u00a0<\/strong>(1864-1949) &#8211; <strong>Metamorphosen \u00a0<\/strong>(1945)\u00a0<em>(arr. Josep Mas Mestre)<\/em><br><strong>Luciano Berio\u00a0<\/strong>(1925-2003)\u00a0&#8211; <strong>Sequenza VIIb<\/strong>\u00a0(arr. f\u00fcr 6 Sopransaxophone im Raum Lars Mlekusch)<strong><br>Wojciech\u00a0Kilar<\/strong>\u00a0(1932-2013)\u00a0&#8211; <strong>Orawa<\/strong>\u00a0(1986)<em>\u00a0(arr. Cezariusz Gadzina)<\/em>\u00a0<br><br>Der Erfinder des Saxophons, Adolphe Sax, beschrieb das neue Instrument in seinem Patentantrag von 1846 unter anderem mit:\u00a0\u201eEin Instrument, das im Charakter seiner Stimme den Streichinstrumenten nahekommt, aber mehr Kraft und Intensit\u00e4t besitzt als diese\u201c.\u00a0Das z\u00fcrich saxophone collective bringt am\u00a0heutigen Abend neben Originalwerken von Berio und Alla auch zwei Werke die\u00a0urspr\u00fcnglich f\u00fcr Streichinstrumente\u00a0geschrieben wurden:\u00a0<\/p>\n\n\n\n<p><strong>Wojciech Kilar<\/strong>\u00a0wurde vor allem bekannt als Filmkomponist, u.a. f\u00fcr Roman Polanskis Film \u00abDer Pianist\u00bb. In seinem Werk Orawa sp\u00fcrt man die Sehnsucht nach der Natur in den Karpaten.\u00a0Das Werk beginnt mit wenigen Solisten und steigert sich zu einem fr\u00f6hlichen volksliedhaften Finale.\u00a0<\/p>\n\n\n\n<p><strong>Richard Strauss s<\/strong>chrieb 1945 sein Sp\u00e4twerk \u201eMetamorphosen\u201c f\u00fcr das zerbombte M\u00fcnchen. Zum Ende des St\u00fcckes erscheint ein Zitat aus der &#8220;Eroica&#8221; von Beethoven (&#8220;In Memoriam&#8221;), das Trauermarschthema. Urspr\u00fcnglich als Andante f\u00fcr 7 Solostreicher gedacht, wurde daraus ein Werk f\u00fcr f\u00fcr 23 Solostreicher. Die Bearbeitung f\u00fcr 12 Saxophone liegt also quasi zwischen diesen beiden Versionen des Werkes.\u00a0<\/p>\n\n\n<div  class=\"tribe-block tribe-block__event-price\" >\n\t\t<\/div>\n\n\n\n\n<div  class=\"tribe-block tribe-block__venue tribe-clearfix\" >\n\t\n\t\n<div class=\"tribe-block__venue__meta\">\n\t<div class=\"tribe-block__venue__name\">\n\t\t<h3>Konzertsaal 3, Toni-Areal<\/h3>\n\t<\/div>\n\n\t\n\t\t\t\t\t\t<address class=\"tribe-block__venue__address\">\n\t\t\t\t<span class=\"tribe-address\">\n\n<span class=\"tribe-street-address\">Pfingstweidstrasse 95<\/span>\n\t\n\t\t<br>\n\t\t<span class=\"tribe-locality\">Z\u00fcrich<\/span><span class=\"tribe-delimiter\">,<\/span>\n\n\n\t<span class=\"tribe-postal-code\">8005<\/span>\n\n\n<\/span>\n\n\t\t\t\t\t\t\t<\/address>\n\t\t\n\t\t\n\t\t\t\n\t<\/div>\n\t\n\t<\/div>\n\n\n<div  class=\"tribe-block tribe-block__event-website\" >\n\t<a\n\t\thref=\"https:\/\/www.zhdk.ch\/veranstaltung\/48030\"\n\t\ttarget=\"_self\"\n\t\t\t>\n\t\tVeranstaltung\t<\/a>\n<\/div>\n\n\n\t<div  class=\"tribe-block tribe-block__events-link\" >\n\t\t<div class=\"tribe-events tribe-common\">\n\t\t\t<div class=\"tribe-events-c-subscribe-dropdown__container\">\n\t\t\t\t<div class=\"tribe-events-c-subscribe-dropdown\">\n\t\t\t\t\t<div class=\"tribe-common-c-btn-border tribe-events-c-subscribe-dropdown__button\">\n\t\t\t\t\t\t<svg\n\t class=\"tribe-common-c-svgicon tribe-common-c-svgicon--cal-export tribe-events-c-subscribe-dropdown__export-icon\" \taria-hidden=\"true\"\n\tviewBox=\"0 0 23 17\"\n\txmlns=\"http:\/\/www.w3.org\/2000\/svg\"\n>\n\t<path fill-rule=\"evenodd\" clip-rule=\"evenodd\" d=\"M.128.896V16.13c0 .211.145.383.323.383h15.354c.179 0 .323-.172.323-.383V.896c0-.212-.144-.383-.323-.383H.451C.273.513.128.684.128.896Zm16 6.742h-.901V4.679H1.009v10.729h14.218v-3.336h.901V7.638ZM1.01 1.614h14.218v2.058H1.009V1.614Z\" \/>\n\t<path d=\"M20.5 9.846H8.312M18.524 6.953l2.89 2.909-2.855 2.855\" stroke-width=\"1.2\" stroke-linecap=\"round\" stroke-linejoin=\"round\"\/>\n<\/svg>\n\t\t\t\t\t\t<button\n\t\t\t\t\t\t\tclass=\"tribe-events-c-subscribe-dropdown__button-text\"\n\t\t\t\t\t\t\taria-expanded=\"false\"\n\t\t\t\t\t\t\taria-controls=\"tribe-events-subscribe-dropdown-content\"\n\t\t\t\t\t\t\taria-label=\"View links to add events to your calendar\"\n\t\t\t\t\t\t>\n\t\t\t\t\t\t\tAdd to calendar\t\t\t\t\t\t<\/button>\n\t\t\t\t\t\t<svg\n\t class=\"tribe-common-c-svgicon tribe-common-c-svgicon--caret-down tribe-events-c-subscribe-dropdown__button-icon\" \taria-hidden=\"true\"\n\tviewBox=\"0 0 10 7\"\n\txmlns=\"http:\/\/www.w3.org\/2000\/svg\"\n>\n\t<path fill-rule=\"evenodd\" clip-rule=\"evenodd\" d=\"M1.008.609L5 4.6 8.992.61l.958.958L5 6.517.05 1.566l.958-.958z\" class=\"tribe-common-c-svgicon__svg-fill\"\/>\n<\/svg>\n\t\t\t\t\t<\/div>\n\t\t\t\t\t<div id=\"tribe-events-subscribe-dropdown-content\" class=\"tribe-events-c-subscribe-dropdown__content\">\n\t\t\t\t\t\t<ul class=\"tribe-events-c-subscribe-dropdown__list\">\n\t\t\t\t\t\t\t\t\t\t\t\t\t\t\t<li class=\"tribe-events-c-subscribe-dropdown__list-item tribe-events-c-subscribe-dropdown__list-item--gcal\">\n\t\t\t\t\t\t\t\t\t<a\n\t\t\t\t\t\t\t\t\t\thref=\"https:\/\/www.google.com\/calendar\/event?action=TEMPLATE&#038;dates=20230501T193000\/20230501T210000&#038;text=Spektrumskonzert%3A%20zurich%20saxophone%20collective&#038;details=%3Cp%3E%3Cstrong%3ERichard+Strauss%C2%A0%3C%2Fstrong%3E%281864-1949%29+-+%3Cstrong%3EMetamorphosen+%C2%A0%3C%2Fstrong%3E%281945%29%C2%A0%3Cem%3E%28arr.+Josep+Mas+Mestre%29%3C%2Fem%3E%3Cbr+%2F%3E%3Cstrong%3ELuciano+Berio%C2%A0%3C%2Fstrong%3E%281925-2003%29%C2%A0-+%3Cstrong%3ESequenza+VIIb%3C%2Fstrong%3E%C2%A0%28arr.+f%C3%BCr+6+Sopransaxophone+im+Raum+Lars+Mlekusch%29%3Cstrong%3E%3Cbr+%2F%3EWojciech%C2%A0Kilar%3C%2Fstrong%3E%C2%A0%281932-2013%29%C2%A0-+%3Cstrong%3EOrawa%3C%2Fstrong%3E%C2%A0%281986%29%3Cem%3E%C2%A0%28arr.+Cezariusz+Gadzina%29%3C%2Fem%3E%C2%A0%3Cbr+%2F%3E%3Cbr+%2F%3EDer+Erfinder+des+Saxophons%2C+Adolphe+Sax%2C+beschrieb+das+neue+Instrument+in+seinem+Patentantrag+von+1846+unter+anderem+mit%3A%C2%A0%E2%80%9EEin+Instrument%2C+das+im+Charakter+seiner+Stimme+den+Streichinstrumenten+nahekommt%2C+aber+mehr+Kraft+und+Intensit%C3%A4t+besitzt+als+diese%E2%80%9C.%C2%A0Das+z%C3%BCrich+saxophone+collective+bringt+am%C2%A0heutigen+Abend+neben+Originalwerken+von+Berio+und+Alla+auch+zwei+Werke+die%C2%A0urspr%C3%BCnglich+f%C3%BCr+Streichinstrumente%C2%A0geschrieben+wurden%3A%C2%A0%3C%2Fp%3E+%3Cp%3E%3Cstrong%3EWojciech+Kilar%3C%2Fstrong%3E%C2%A0wurde+vor+allem+bekannt+als+Filmkomponist%2C+u.a.+f%C3%BCr+Roman+Polanskis+Film+%C2%ABDer+Pianist%C2%BB.+In+seinem+Werk+Orawa+sp%C3%BCrt+%3C%2Fp%3E+%28View+Full+event+Description+Here%3A+https%3A%2F%2Fsimonfluri.com%2Fen%2Fagenda%2Fspektrumskonzert-zurich-saxophone-collective%2F%29&#038;location=Konzertsaal%203,%20Toni-Areal,%20Pfingstweidstrasse%2095,%20Z\u00fcrich,%208005&#038;trp=false&#038;ctz=UTC+2&#038;sprop=website:https:\/\/simonfluri.com\/en\"\n\t\t\t\t\t\t\t\t\t\tclass=\"tribe-events-c-subscribe-dropdown__list-item-link\"\n\t\t\t\t\t\t\t\t\t\ttarget=\"_blank\"\n\t\t\t\t\t\t\t\t\t\trel=\"noopener noreferrer nofollow noindex\"\n\t\t\t\t\t\t\t\t\t>\n\t\t\t\t\t\t\t\t\t\tGoogle Calendar\t\t\t\t\t\t\t\t\t<\/a>\n\t\t\t\t\t\t\t\t<\/li>\n\t\t\t\t\t\t\t\t\t\t\t\t\t\t\t<li class=\"tribe-events-c-subscribe-dropdown__list-item tribe-events-c-subscribe-dropdown__list-item--ical\">\n\t\t\t\t\t\t\t\t\t<a\n\t\t\t\t\t\t\t\t\t\thref=\"\"\n\t\t\t\t\t\t\t\t\t\tclass=\"tribe-events-c-subscribe-dropdown__list-item-link\"\n\t\t\t\t\t\t\t\t\t\ttarget=\"_blank\"\n\t\t\t\t\t\t\t\t\t\trel=\"noopener noreferrer nofollow noindex\"\n\t\t\t\t\t\t\t\t\t>\n\t\t\t\t\t\t\t\t\t\tiCalendar\t\t\t\t\t\t\t\t\t<\/a>\n\t\t\t\t\t\t\t\t<\/li>\n\t\t\t\t\t\t\t\t\t\t\t\t\t\t\t<li class=\"tribe-events-c-subscribe-dropdown__list-item tribe-events-c-subscribe-dropdown__list-item--outlook-365\">\n\t\t\t\t\t\t\t\t\t<a\n\t\t\t\t\t\t\t\t\t\thref=\"\"\n\t\t\t\t\t\t\t\t\t\tclass=\"tribe-events-c-subscribe-dropdown__list-item-link\"\n\t\t\t\t\t\t\t\t\t\ttarget=\"_blank\"\n\t\t\t\t\t\t\t\t\t\trel=\"noopener noreferrer nofollow noindex\"\n\t\t\t\t\t\t\t\t\t>\n\t\t\t\t\t\t\t\t\t\tOutlook 365\t\t\t\t\t\t\t\t\t<\/a>\n\t\t\t\t\t\t\t\t<\/li>\n\t\t\t\t\t\t\t\t\t\t\t\t\t\t\t<li class=\"tribe-events-c-subscribe-dropdown__list-item tribe-events-c-subscribe-dropdown__list-item--outlook-live\">\n\t\t\t\t\t\t\t\t\t<a\n\t\t\t\t\t\t\t\t\t\thref=\"\"\n\t\t\t\t\t\t\t\t\t\tclass=\"tribe-events-c-subscribe-dropdown__list-item-link\"\n\t\t\t\t\t\t\t\t\t\ttarget=\"_blank\"\n\t\t\t\t\t\t\t\t\t\trel=\"noopener noreferrer nofollow noindex\"\n\t\t\t\t\t\t\t\t\t>\n\t\t\t\t\t\t\t\t\t\tOutlook Live\t\t\t\t\t\t\t\t\t<\/a>\n\t\t\t\t\t\t\t\t<\/li>\n\t\t\t\t\t\t\t\t\t\t\t\t\t<\/ul>\n\t\t\t\t\t<\/div>\n\t\t\t\t<\/div>\n\t\t\t<\/div>\n\t\t<\/div>\n\t<\/div>\n\n","protected":false},"excerpt":{"rendered":"<p>Richard Strauss\u00a0(1864-1949) &#8211; Metamorphosen \u00a0(1945)\u00a0(arr. Josep Mas Mestre)Luciano Berio\u00a0(1925-2003)\u00a0&#8211; Sequenza VIIb\u00a0(arr. f\u00fcr 6 Sopransaxophone im Raum Lars Mlekusch)Wojciech\u00a0Kilar\u00a0(1932-2013)\u00a0&#8211; Orawa\u00a0(1986)\u00a0(arr. Cezariusz Gadzina)\u00a0 Der Erfinder des Saxophons, Adolphe Sax, beschrieb das neue &hellip; <\/p>\n<p class=\"link-more\"><a href=\"https:\/\/simonfluri.com\/en\/agenda\/spektrumskonzert-zurich-saxophone-collective\/\" class=\"more-link\">Read more<span class=\"screen-reader-text\"> &#8220;Spektrumskonzert: zurich saxophone collective&#8221;<\/span><\/a><\/p>\n","protected":false},"author":1,"featured_media":862,"template":"","meta":{"_EventAllDay":false,"_EventTimezone":"UTC+2","_EventStartDate":"2023-05-01 19:30:00","_EventEndDate":"2023-05-01 21:00:00","_EventStartDateUTC":"2023-05-01 16:30:00","_EventEndDateUTC":"2023-05-01 18:00:00","_EventShowMap":false,"_EventShowMapLink":true,"_EventURL":"https:\/\/www.zhdk.ch\/veranstaltung\/48030","_EventCost":"","_EventCostDescription":"","_EventCurrencySymbol":"CHF","_EventCurrencyCode":"USD","_EventCurrencyPosition":"prefix","_EventDateTimeSeparator":"@","_EventTimeRangeSeparator":"-","_EventOrganizerID":[],"_EventVenueID":[736],"_OrganizerEmail":"","_OrganizerPhone":"","_OrganizerWebsite":"","_VenueAddress":"","_VenueCity":"","_VenueCountry":"","_VenueProvince":"","_VenueState":"","_VenueZip":"","_VenuePhone":"","_VenueURL":"","_VenueStateProvince":"","_VenueLat":"","_VenueLng":"","_VenueShowMap":false,"_VenueShowMapLink":false,"_tribe_events_status":"","_tribe_events_status_reason":"","footnotes":""},"tags":[],"tribe_events_cat":[],"class_list":["post-735","tribe_events","type-tribe_events","status-publish","has-post-thumbnail","hentry"],"_links":{"self":[{"href":"https:\/\/simonfluri.com\/en\/wp-json\/wp\/v2\/tribe_events\/735","targetHints":{"allow":["GET"]}}],"collection":[{"href":"https:\/\/simonfluri.com\/en\/wp-json\/wp\/v2\/tribe_events"}],"about":[{"href":"https:\/\/simonfluri.com\/en\/wp-json\/wp\/v2\/types\/tribe_events"}],"author":[{"embeddable":true,"href":"https:\/\/simonfluri.com\/en\/wp-json\/wp\/v2\/users\/1"}],"version-history":[{"count":2,"href":"https:\/\/simonfluri.com\/en\/wp-json\/wp\/v2\/tribe_events\/735\/revisions"}],"predecessor-version":[{"id":863,"href":"https:\/\/simonfluri.com\/en\/wp-json\/wp\/v2\/tribe_events\/735\/revisions\/863"}],"wp:featuredmedia":[{"embeddable":true,"href":"https:\/\/simonfluri.com\/en\/wp-json\/wp\/v2\/media\/862"}],"wp:attachment":[{"href":"https:\/\/simonfluri.com\/en\/wp-json\/wp\/v2\/media?parent=735"}],"wp:term":[{"taxonomy":"post_tag","embeddable":true,"href":"https:\/\/simonfluri.com\/en\/wp-json\/wp\/v2\/tags?post=735"},{"taxonomy":"tribe_events_cat","embeddable":true,"href":"https:\/\/simonfluri.com\/en\/wp-json\/wp\/v2\/tribe_events_cat?post=735"}],"curies":[{"name":"wp","href":"https:\/\/api.w.org\/{rel}","templated":true}]}}